{"id":4939,"date":"2021-07-08T15:13:13","date_gmt":"2021-07-08T15:13:13","guid":{"rendered":"https:\/\/face.unt.edu.ar\/web\/iadmin\/?page_id=4939"},"modified":"2025-05-06T15:55:16","modified_gmt":"2025-05-06T15:55:16","slug":"memorias-del-instituto-de-administracion","status":"publish","type":"page","link":"https:\/\/face.unt.edu.ar\/web\/iadmin\/memorias-del-instituto-de-administracion\/","title":{"rendered":"Memorias del Instituto de Administraci\u00f3n"},"content":{"rendered":"<p>El Instituto de Administraci\u00f3n mantiene su curso en la b\u00fasqueda de la excelencia acad\u00e9mica y la consolidaci\u00f3n de la carrera y la disciplina. Los logros y las actividades demuestran un gran compromiso, capacidad de adaptaci\u00f3n y dedicaci\u00f3n de nuestros docentes, personal de apoyo, egresados y alumnos comprometidos con la educaci\u00f3n y con nuestra profesi\u00f3n.<\/p>\n<p>En estos momentos de grandes desaf\u00edos, queremos agradecer a quienes participan activamente y comprometidos con los ideales de nuestra Misi\u00f3n y Visi\u00f3n de la Licenciatura en Administraci\u00f3n.<\/p>\n<p><a href=\"https:\/\/face.unt.edu.ar\/web\/iadmin\/wp-content\/uploads\/sites\/2\/2021\/07\/Memoria-Instituto-hasta-2013-1.pdf\">Memoria 2011 a 2013<\/a><\/p>\n<p><a href=\"https:\/\/face.unt.edu.ar\/web\/iadmin\/wp-content\/uploads\/sites\/2\/2021\/07\/Memoria-Instituto-2013-1.pdf\">Memoria 2013<\/a><\/p>\n<p><a href=\"https:\/\/face.unt.edu.ar\/web\/iadmin\/wp-content\/uploads\/sites\/2\/2021\/07\/Memoria-Instituto-2014-1.pdf\">Memoria 2014<\/a><\/p>\n<p><a href=\"https:\/\/face.unt.edu.ar\/web\/iadmin\/wp-content\/uploads\/sites\/2\/2021\/07\/Memoria-Instituto-2015-1-1.pdf\">Memoria 2015<\/a><\/p>\n<p><a href=\"https:\/\/face.unt.edu.ar\/web\/iadmin\/wp-content\/uploads\/sites\/2\/2021\/07\/Memoria-Instituto-2016-1.pdf\">Memoria 2016<\/a><\/p>\n<p><a href=\"https:\/\/face.unt.edu.ar\/web\/iadmin\/wp-content\/uploads\/sites\/2\/2021\/07\/Memoria-Instituto-2017_compressed-1.pdf\">Memoria 2017<\/a><\/p>\n<p><a href=\"https:\/\/face.unt.edu.ar\/web\/iadmin\/wp-content\/uploads\/sites\/2\/2021\/07\/Memorias-2018-Instituto-de-Administracion-1_compressed.pdf\">Memoria 2018<\/a><\/p>\n<p><a href=\"https:\/\/face.unt.edu.ar\/web\/iadmin\/wp-content\/uploads\/sites\/2\/2021\/07\/Memoria-Instituto-2019_compressed-2-1.pdf\">Memoria 2019<\/a><\/p>\n<p>Memoria 2020: <a href=\"https:\/\/face.unt.edu.ar\/web\/iadmin\/wp-content\/uploads\/sites\/2\/2021\/07\/Memoria-Instituto-2020_compressed-1-23-1.pdf\">Primera parte<\/a>\u00a0 &#8211;\u00a0 <a href=\"https:\/\/face.unt.edu.ar\/web\/iadmin\/wp-content\/uploads\/sites\/2\/2021\/07\/Memoria-Instituto-2020_compressed-24-47-1.pdf\">Segunda parte<\/a><\/p>\n<p>Memoria 2021: <a href=\"https:\/\/face.unt.edu.ar\/web\/iadmin\/wp-content\/uploads\/sites\/2\/2022\/10\/Memorias-2021-Instituto-de-Administracion-Version-final-revisada-por-Marcelo_compressed-3-1-15.pdf\">Primera parte <\/a>. <a href=\"https:\/\/face.unt.edu.ar\/web\/iadmin\/wp-content\/uploads\/sites\/2\/2022\/10\/Memorias-2021-Instituto-de-Administracion-Version-final-revisada-por-Marcelo_compressed-3-16-26.pdf\">Segunda parte<\/a> . <a href=\"https:\/\/face.unt.edu.ar\/web\/iadmin\/wp-content\/uploads\/sites\/2\/2022\/10\/Memorias-2021-Instituto-de-Administracion-Version-final-revisada-por-Marcelo_compressed-3-27-55.pdf\">Tercera parte<\/a><\/p>\n<p>Memoria 2022: <a href=\"https:\/\/face.unt.edu.ar\/web\/iadmin\/wp-content\/uploads\/sites\/2\/2023\/08\/Memoria-del-IA-2022-presentada_compressed-1-22.pdf\">Primera parte<\/a> . <a href=\"https:\/\/face.unt.edu.ar\/web\/iadmin\/wp-content\/uploads\/sites\/2\/2023\/08\/Memoria-del-IA-2022-presentada_compressed-23-63.pdf\">Segunda parte<\/a><\/p>\n<p>Memoria 2023: <a href=\"https:\/\/face.unt.edu.ar\/web\/iadmin\/wp-content\/uploads\/sites\/2\/2024\/10\/Memoria-2023-_compressed-1-30.pdf\">Primera parte &#8211; <\/a><a href=\"https:\/\/face.unt.edu.ar\/web\/iadmin\/wp-content\/uploads\/sites\/2\/2024\/10\/Memoria-2023-_compressed-31-79.pdf\">Segunda parte<\/a><\/p>\n<p>Memoria 2024: <a href=\"https:\/\/face.unt.edu.ar\/web\/iadmin\/wp-content\/uploads\/sites\/2\/2025\/05\/Memoria-2024-_compressed-1-30.pdf\">Primera Parte<\/a> &#8211; <a href=\"https:\/\/face.unt.edu.ar\/web\/iadmin\/wp-content\/uploads\/sites\/2\/2025\/05\/Memoria-2024-_compressed-31-62.pdf\">Segunda Parte<\/a> &#8211; <a href=\"https:\/\/face.unt.edu.ar\/web\/iadmin\/wp-content\/uploads\/sites\/2\/2025\/05\/Memoria-2024-_compressed-63-94.pdf\">Tercera Parte<\/a><\/p>\n","protected":false},"excerpt":{"rendered":"<p>El Instituto de Administraci\u00f3n mantiene su curso en la b\u00fasqueda de la excelencia acad\u00e9mica y la consolidaci\u00f3n de la carrera y la disciplina. Los logros y las actividades demuestran un gran compromiso, capacidad de adaptaci\u00f3n y dedicaci\u00f3n de nuestros docentes, personal de apoyo, egresados y alumnos comprometidos con la educaci\u00f3n y con nuestra profesi\u00f3n. En [&hellip;]<\/p>\n","protected":false},"author":9,"featured_media":0,"parent":0,"menu_order":0,"comment_status":"closed","ping_status":"closed","template":"","meta":{"footnotes":""},"_links":{"self":[{"href":"https:\/\/face.unt.edu.ar\/web\/iadmin\/wp-json\/wp\/v2\/pages\/4939"}],"collection":[{"href":"https:\/\/face.unt.edu.ar\/web\/iadmin\/wp-json\/wp\/v2\/pages"}],"about":[{"href":"https:\/\/face.unt.edu.ar\/web\/iadmin\/wp-json\/wp\/v2\/types\/page"}],"author":[{"embeddable":true,"href":"https:\/\/face.unt.edu.ar\/web\/iadmin\/wp-json\/wp\/v2\/users\/9"}],"replies":[{"embeddable":true,"href":"https:\/\/face.unt.edu.ar\/web\/iadmin\/wp-json\/wp\/v2\/comments?post=4939"}],"version-history":[{"count":32,"href":"https:\/\/face.unt.edu.ar\/web\/iadmin\/wp-json\/wp\/v2\/pages\/4939\/revisions"}],"predecessor-version":[{"id":9328,"href":"https:\/\/face.unt.edu.ar\/web\/iadmin\/wp-json\/wp\/v2\/pages\/4939\/revisions\/9328"}],"wp:attachment":[{"href":"https:\/\/face.unt.edu.ar\/web\/iadmin\/wp-json\/wp\/v2\/media?parent=4939"}],"curies":[{"name":"wp","href":"https:\/\/api.w.org\/{rel}","templated":true}]}}