{"id":18906,"date":"2024-07-29T18:41:28","date_gmt":"2024-07-29T18:41:28","guid":{"rendered":"https:\/\/face.unt.edu.ar\/web\/?page_id=18906"},"modified":"2025-11-13T15:01:21","modified_gmt":"2025-11-13T15:01:21","slug":"evaluaciones-de-permanencia-face","status":"publish","type":"page","link":"https:\/\/face.unt.edu.ar\/web\/evaluaciones-de-permanencia-face\/","title":{"rendered":"Evaluaciones de permanencia docente"},"content":{"rendered":"<h3>Informaci\u00f3n pertinente al Procedimiento de Evaluaci\u00f3n Peri\u00f3dica Individual para Permanencia de Profesores Universitarios<\/h3>\n<p><img decoding=\"async\" class=\"alignleft size-full wp-image-18917\" src=\"https:\/\/face.unt.edu.ar\/web\/wp-content\/uploads\/2024\/07\/web-diseno-evalucion-de-permanencia.jpg\" alt=\"Procedimiento de evaluaci\u00f3n\" width=\"100%\" srcset=\"https:\/\/face.unt.edu.ar\/web\/wp-content\/uploads\/2024\/07\/web-diseno-evalucion-de-permanencia.jpg 1080w, https:\/\/face.unt.edu.ar\/web\/wp-content\/uploads\/2024\/07\/web-diseno-evalucion-de-permanencia-300x128.jpg 300w, https:\/\/face.unt.edu.ar\/web\/wp-content\/uploads\/2024\/07\/web-diseno-evalucion-de-permanencia-1024x436.jpg 1024w, https:\/\/face.unt.edu.ar\/web\/wp-content\/uploads\/2024\/07\/web-diseno-evalucion-de-permanencia-768x327.jpg 768w, https:\/\/face.unt.edu.ar\/web\/wp-content\/uploads\/2024\/07\/web-diseno-evalucion-de-permanencia-696x296.jpg 696w, https:\/\/face.unt.edu.ar\/web\/wp-content\/uploads\/2024\/07\/web-diseno-evalucion-de-permanencia-1068x455.jpg 1068w, https:\/\/face.unt.edu.ar\/web\/wp-content\/uploads\/2024\/07\/web-diseno-evalucion-de-permanencia-986x420.jpg 986w\" sizes=\"(max-width: 1080px) 100vw, 1080px\" \/><\/p>\n<p>&nbsp;<\/p>\n<p>&nbsp;<\/p>\n<p>A continuaci\u00f3n, encontrar\u00e1 toda la informaci\u00f3n relevante sobre el Procedimiento de Evaluaci\u00f3n Peri\u00f3dica Individual para la Permanencia de profesores universitarios. Tambi\u00e9n podr\u00e1 descargar la reglamentaci\u00f3n vigente, as\u00ed como los modelos de notas y documentaci\u00f3n. Se notificar\u00e1 a los docentes, cuya situaci\u00f3n est\u00e9 comprendida en la reglamentaci\u00f3n vigente, a trav\u00e9s de los Departamentos\/Institutos correspondientes. Para consultas, por favor dir\u00edjase a la Secretar\u00eda Acad\u00e9mica de la Facultad.<\/p>\n<p>Correo electr\u00f3nico: <strong>sacface@face.unt.edu.ar<\/strong><\/p>\n<h2><strong>Descargue la documentaci\u00f3n<\/strong><\/h2>\n<ul>\n<li><a href=\"http:\/\/face.unt.edu.ar\/web\/Modelo%20Nota%20Decano.docx\" target=\"_blank\" rel=\"noopener\">Modelo Nota al Decano<\/a><\/li>\n<li><a href=\"https:\/\/face.unt.edu.ar\/web\/wp-content\/uploads\/2024\/07\/modelo-de-informe.pdf\" target=\"_blank\" rel=\"noopener\">Modelo de Informe de Desempe\u00f1o<\/a><\/li>\n<li><a href=\"https:\/\/face.unt.edu.ar\/web\/wp-content\/uploads\/2024\/07\/Modelo-Plan-de-Actividades.pdf\">Modelo Plan de Actividades<\/a><\/li>\n<li><a href=\"https:\/\/face.unt.edu.ar\/web\/Res. 38-23- Res. HCS Procedim Evaluacio\u0301n Docente.pdf\" target=\"_blank\" rel=\"noopener\">REGLAMENTO DE EVALUACIONES DOCENTES<\/a><\/li>\n<\/ul>\n<h2 class=\"entry-title\"><strong>Cierre del per\u00edodo de inscripci\u00f3n de Docentes para Evaluaci\u00f3n Peri\u00f3dica Individual de permanencia en el cargo<\/strong><\/h2>\n<p><a href=\"https:\/\/drive.google.com\/file\/d\/1xFLH12Dw_y32y4PImElisEVb06oT79F7\/view?usp=sharing\" target=\"_blank\" rel=\"noopener\">Cierre de inscripci\u00f3n Alberti Delgado \u2013 Hacer clic aqu\u00ed para ingresar\u00a0<\/a><\/p>\n<p><a href=\"https:\/\/drive.google.com\/file\/d\/1YE-ggL5T_LAWcAt_mMls6Aodovht42PA\/view?usp=sharing\" target=\"_blank\" rel=\"noopener\">Cierre de inscripci\u00f3n C\u00f3rdoba \u2013 Hacer clic aqu\u00ed para ingresar\u00a0<\/a><\/p>\n<p><a href=\"https:\/\/drive.google.com\/file\/d\/1ivrh4ZW_CMpAs7GQW8s6AO4OGGY6R9zF\/view?usp=sharing\" target=\"_blank\" rel=\"noopener\">Cierre de inscripci\u00f3n Giambroni \u2013 Hacer clic aqu\u00ed para ingresar\u00a0<\/a><\/p>\n<p><a href=\"https:\/\/drive.google.com\/file\/d\/1EsTL7ctv0U21sCSIoplSE1kgXnZFjBR9\/view?usp=sharing\" target=\"_blank\" rel=\"noopener\">Cierre de inscripci\u00f3n Rojas Guind\u00e1n \u2013 Hacer clic aqu\u00ed para ingresar\u00a0<\/a><\/p>\n<p><a href=\"https:\/\/drive.google.com\/file\/d\/1iHbg06g2pRLwRryP9B9t1UQUB1RjINNF\/view?usp=sharing\" target=\"_blank\" rel=\"noopener\">Cierre de inscripci\u00f3n Ter\u00e1n Pe\u00f1aloza \u2013 Hacer clic aqu\u00ed para ingresar\u00a0<\/a><\/p>\n<p><a href=\"https:\/\/drive.google.com\/file\/d\/1NxfCmpuU4QLR17VGCOUtlStnhp0S7a5M\/view?usp=sharing\" target=\"_blank\" rel=\"noopener\">Cierre inscripci\u00f3n Tenuta Ciale \u2013 Clic aqu\u00ed para ver<\/a><\/p>\n<p><a href=\"https:\/\/drive.google.com\/file\/d\/1o_DXtJlotit7gdKzRfw1ur9cxI9Kw4p0\/view?usp=sharing\" target=\"_blank\" rel=\"noopener\">Cierre inscripci\u00f3n Mejail \u2013 Clic aqu\u00ed para ver\u00a0<\/a><\/p>\n<p><a href=\"https:\/\/drive.google.com\/file\/d\/1WFPJy1ISa1TIy_fuWNCvlBXk8u-m7PC-\/view?usp=sharing\" target=\"_blank\" rel=\"noopener\">Cierre inscripci\u00f3n Mac\u00edas \u2013 Clic aqu\u00ed para ver\u00a0<\/a><\/p>\n<p><a href=\"https:\/\/drive.google.com\/file\/d\/1zenjHUvNHDFln5vTSr3OqYC32msNW7Cg\/view?usp=sharing\" target=\"_blank\" rel=\"noopener\">Cierre de inscripci\u00f3n Palomares \u2013 Clic aqu\u00ed para ver<\/a><\/p>\n<h2><strong>Informaci\u00f3n sobre Comisiones Evaluadoras<\/strong><\/h2>\n<p><a href=\"https:\/\/drive.google.com\/file\/d\/1b6DhjdDewrv6SPL_6TIlNdQAa0QHtRYY\/view?usp=sharing\" target=\"_blank\" rel=\"noopener\">Res. 38-23- Res. HCS Procedimiento Evaluacio\u0301n Docente<\/a><\/p>\n<p><a href=\"https:\/\/drive.google.com\/file\/d\/1D1Ebk_vG0UJLwKqGF78XefHpgjd_Rbfg\/view?usp=sharing\" target=\"_blank\" rel=\"noopener\">Comisi\u00f3n evaluadora de la Cra. Silvia Viviana Mes\u00f3n de Carmona<\/a><\/p>\n<p><a href=\"https:\/\/drive.google.com\/file\/d\/1F7FmvPgC5sxlei0pRO7i_6nZsRLi1kqx\/view?usp=sharing\" target=\"_blank\" rel=\"noopener\">Comisi\u00f3n evaluadora del Cr. Joaqu\u00edn Garc\u00eda Cainzo<\/a><\/p>\n<p><a href=\"https:\/\/drive.google.com\/file\/d\/1IpTF8nn-jzODm95hSG3JSKd8tx_vIzv9\/view?usp=sharing\" target=\"_blank\" rel=\"noopener\">Comisi\u00f3n evaluadora del Mg. Marcelo Adri\u00e1n Garc\u00eda\u00a0<\/a><\/p>\n<p><a href=\"https:\/\/drive.google.com\/file\/d\/1oDr2usmLzFjjVOZfsQcHATmeRBJKtohc\/view?usp=sharing\" target=\"_blank\" rel=\"noopener\">Comisi\u00f3n evaluadora del Cr. Sergio Manuel M\u00e9ndez<\/a><\/p>\n<p><a href=\"https:\/\/drive.google.com\/file\/d\/1DTMG0PwDcBpguefoJfQoUFN37OsRgAaO\/view?usp=sharing\" target=\"_blank\" rel=\"noopener\">Comisi\u00f3n evaluadora de la Esp. Cecilia Huerta Macchiarola\u00a0<\/a><\/p>\n<p><a href=\"https:\/\/drive.google.com\/file\/d\/1DTMG0PwDcBpguefoJfQoUFN37OsRgAaO\/view?usp=sharing\" target=\"_blank\" rel=\"noopener\">Comisi\u00f3n evaluadora de la Esp. Cecilia Huerta Macchiarola\u00a0<\/a><\/p>\n<p><a href=\"https:\/\/drive.google.com\/file\/d\/1AEkx7AaOOHn4n3xA7ZSKs62ooeY_L24G\/view?usp=sharing\" target=\"_blank\" rel=\"noopener\">Comisi\u00f3n evaluadora del Lic. Gabriel Amos Fridrij<\/a><\/p>\n","protected":false},"excerpt":{"rendered":"<p>Informaci\u00f3n pertinente al Procedimiento de Evaluaci\u00f3n Peri\u00f3dica Individual para Permanencia de Profesores Universitarios &nbsp; &nbsp; A continuaci\u00f3n, encontrar\u00e1 toda la informaci\u00f3n relevante sobre el Procedimiento de Evaluaci\u00f3n Peri\u00f3dica Individual para la Permanencia de profesores universitarios. Tambi\u00e9n podr\u00e1 descargar la reglamentaci\u00f3n vigente, as\u00ed como los modelos de notas y documentaci\u00f3n. Se notificar\u00e1 a los docentes, cuya [&hellip;]<\/p>\n","protected":false},"author":1,"featured_media":0,"parent":0,"menu_order":0,"comment_status":"closed","ping_status":"closed","template":"","meta":{"_et_pb_use_builder":"","_et_pb_old_content":"","_et_gb_content_width":"","footnotes":""},"_links":{"self":[{"href":"https:\/\/face.unt.edu.ar\/web\/wp-json\/wp\/v2\/pages\/18906"}],"collection":[{"href":"https:\/\/face.unt.edu.ar\/web\/wp-json\/wp\/v2\/pages"}],"about":[{"href":"https:\/\/face.unt.edu.ar\/web\/wp-json\/wp\/v2\/types\/page"}],"author":[{"embeddable":true,"href":"https:\/\/face.unt.edu.ar\/web\/wp-json\/wp\/v2\/users\/1"}],"replies":[{"embeddable":true,"href":"https:\/\/face.unt.edu.ar\/web\/wp-json\/wp\/v2\/comments?post=18906"}],"version-history":[{"count":30,"href":"https:\/\/face.unt.edu.ar\/web\/wp-json\/wp\/v2\/pages\/18906\/revisions"}],"predecessor-version":[{"id":22497,"href":"https:\/\/face.unt.edu.ar\/web\/wp-json\/wp\/v2\/pages\/18906\/revisions\/22497"}],"wp:attachment":[{"href":"https:\/\/face.unt.edu.ar\/web\/wp-json\/wp\/v2\/media?parent=18906"}],"curies":[{"name":"wp","href":"https:\/\/api.w.org\/{rel}","templated":true}]}}