{"id":233,"date":"2014-08-14T01:53:44","date_gmt":"2014-08-14T01:53:44","guid":{"rendered":"http:\/\/face.unt.edu.ar\/web\/?page_id=233"},"modified":"2025-11-04T14:25:17","modified_gmt":"2025-11-04T14:25:17","slug":"contador-publico-nacional","status":"publish","type":"page","link":"https:\/\/face.unt.edu.ar\/web\/carreras\/contador-publico-nacional\/","title":{"rendered":"Contador P\u00fablico"},"content":{"rendered":"<p><strong>Materias:<\/strong> 32<\/p>\n<p><strong>Duraci\u00f3n:<\/strong> 5 a\u00f1os<\/p>\n<p><strong>Perfil profesional y campo laboral<\/strong><br \/>\nEl Contador P\u00fablico Nacional posee conocimientos, aptitudes y habilidades para:<\/p>\n<ul>\n<li>Participar en la definici\u00f3n de la misi\u00f3n-visi\u00f3n objetivos y pol\u00edticas de las empresas para tomar decisiones con valores \u00e9ticos y sociales;<\/li>\n<li>Intervenir en el dise\u00f1o y evaluaci\u00f3n de las funciones de planeamiento, coordinaci\u00f3n y control de entidades;<\/li>\n<li>Dise\u00f1ar, implementar y dirigir sistemas de informaci\u00f3n contable, de control de gesti\u00f3n y auditor\u00eda operativa para las organizaciones;<\/li>\n<li>Preparar y administrar presupuestos, evaluar proyectos y hacer estudios de factibilidad econ\u00f3mica y financiera;<\/li>\n<li>Emitir opini\u00f3n fundada sobre la razonabilidad de informaci\u00f3n financiera y no financiera de uso externo;<\/li>\n<li>Asesorar sobre la adecuada aplicaci\u00f3n e implementaci\u00f3n de legislaci\u00f3n tributaria, laboral y previsional;<\/li>\n<li>Participar en la constituci\u00f3n, fusi\u00f3n, escisi\u00f3n, transformaci\u00f3n, liquidaci\u00f3n y disoluci\u00f3n de sociedades;<\/li>\n<li>Ejercer como s\u00edndico societario y concursal y actuar como perito en el \u00e1mbito judicial y como mediador en la resoluci\u00f3n de conflictos;<\/li>\n<li>Diagnosticar y evaluar problemas relacionados con la medici\u00f3n y reconocimiento de operaciones de las entidades relacionadas con aspectos financieros, econ\u00f3micos, sociales y ecol\u00f3gicos.<\/li>\n<\/ul>\n<p>El egresado podr\u00e1 ejercer la profesi\u00f3n de manera independiente y\/o trabajar en relaci\u00f3n de dependencia dentro de una empresa u organizaci\u00f3n, de car\u00e1cter p\u00fablico o privado. Tambi\u00e9n puede ser docente, investigador y\/o emprendedor.<\/p>\n<h2>Contador P\u00fablico<\/h2>\n<p style=\"text-align: center;\"><iframe loading=\"lazy\" src=\"https:\/\/face.unt.edu.ar\/web\/programas\/app\/contador-publico-2018.html\" name=\"frame2\" width=\"100%\" height=\"1100px\" frameborder=\"no\" scrolling=\"auto\" align=\"center\"><br \/>\n<\/iframe><\/p>\n<h2>Plan de Estudios 2010 &#8211; Mod. 2013<\/h2>\n<p style=\"text-align: center;\"><iframe loading=\"lazy\" src=\"https:\/\/face.unt.edu.ar\/web\/programas\/app\/contador-publico-2010.html\" name=\"frame1\" width=\"100%\" height=\"1100px\" frameborder=\"no\" scrolling=\"auto\" align=\"center\"><br \/>\n<\/iframe><\/p>\n<p>Debe hacer click en cada Asignatura para acceder al Programa correspondiente.<br \/>\n<a href=\"https:\/\/face.unt.edu.ar\/web\/programas\/PLAN-CPN-2010\/Mod Plan de Transici\u00f3n Res 137-HCS-2020.pdf?_t=1664292040\" target=\"_blank\" rel=\"noopener\">Plan de Transici\u00f3n entre el Plan de estudios 2010 modificado 2013 y Plan 2018.<\/a><\/p>\n<p><a href=\"https:\/\/face.unt.edu.ar\/web\/archivos-publicaciones\/Plan_de_estudio_2018_con_modif.pdf\" target=\"_blank\" rel=\"noopener noreferrer\">Plan de Estudios de la Carrera Contador P\u00fablico<\/a><\/p>\n","protected":false},"excerpt":{"rendered":"<p>Materias: 32 Duraci\u00f3n: 5 a\u00f1os Perfil profesional y campo laboral El Contador P\u00fablico Nacional posee conocimientos, aptitudes y habilidades para: Participar en la definici\u00f3n de la misi\u00f3n-visi\u00f3n objetivos y pol\u00edticas de las empresas para tomar decisiones con valores \u00e9ticos y sociales; Intervenir en el dise\u00f1o y evaluaci\u00f3n de las funciones de planeamiento, coordinaci\u00f3n y control [&hellip;]<\/p>\n","protected":false},"author":1,"featured_media":0,"parent":227,"menu_order":0,"comment_status":"open","ping_status":"open","template":"","meta":{"_et_pb_use_builder":"","_et_pb_old_content":"","_et_gb_content_width":"","footnotes":""},"_links":{"self":[{"href":"https:\/\/face.unt.edu.ar\/web\/wp-json\/wp\/v2\/pages\/233"}],"collection":[{"href":"https:\/\/face.unt.edu.ar\/web\/wp-json\/wp\/v2\/pages"}],"about":[{"href":"https:\/\/face.unt.edu.ar\/web\/wp-json\/wp\/v2\/types\/page"}],"author":[{"embeddable":true,"href":"https:\/\/face.unt.edu.ar\/web\/wp-json\/wp\/v2\/users\/1"}],"replies":[{"embeddable":true,"href":"https:\/\/face.unt.edu.ar\/web\/wp-json\/wp\/v2\/comments?post=233"}],"version-history":[{"count":78,"href":"https:\/\/face.unt.edu.ar\/web\/wp-json\/wp\/v2\/pages\/233\/revisions"}],"predecessor-version":[{"id":22400,"href":"https:\/\/face.unt.edu.ar\/web\/wp-json\/wp\/v2\/pages\/233\/revisions\/22400"}],"up":[{"embeddable":true,"href":"https:\/\/face.unt.edu.ar\/web\/wp-json\/wp\/v2\/pages\/227"}],"wp:attachment":[{"href":"https:\/\/face.unt.edu.ar\/web\/wp-json\/wp\/v2\/media?parent=233"}],"curies":[{"name":"wp","href":"https:\/\/api.w.org\/{rel}","templated":true}]}}