{"id":3417,"date":"2016-04-28T19:28:37","date_gmt":"2016-04-28T19:28:37","guid":{"rendered":"http:\/\/face.unt.edu.ar\/web\/?page_id=3417"},"modified":"2025-07-23T14:32:01","modified_gmt":"2025-07-23T14:32:01","slug":"empresas-que-participan-de-la-practica-profesional","status":"publish","type":"page","link":"https:\/\/face.unt.edu.ar\/web\/empresas-que-participan-de-la-practica-profesional\/","title":{"rendered":"Empresas que participan de la Pr\u00e1ctica Profesional"},"content":{"rendered":"<p>Las organizaciones que quieran colaborar con la <strong>Pr\u00e1ctica Profesional Supervisada<\/strong> de la carrera de Contador P\u00fablico pueden inscribirse de forma online en el siguiente link:<\/p>\n<p><strong><a href=\"https:\/\/docs.google.com\/forms\/d\/e\/1FAIpQLScXWOL89qljzLKZAWzHlmSDjPMqemoZjv_5QA2qsN0AgneQzQ\/viewform\" target=\"_blank\" rel=\"noopener\">Inscripci\u00f3n de Organizaciones a la Pr\u00e1ctica Profesional\u00a0 &#8211; Clic aqu\u00ed<\/a><\/strong><\/p>\n<p style=\"font-weight: 400\"><a href=\"https:\/\/face.unt.edu.ar\/web\/wp-content\/uploads\/2024\/06\/IMG-20240606-WA0122.jpg\"><img decoding=\"async\" loading=\"lazy\" class=\"alignnone size-medium wp-image-18539\" src=\"https:\/\/face.unt.edu.ar\/web\/wp-content\/uploads\/2024\/06\/IMG-20240606-WA0122-300x300.jpg\" alt=\"\" width=\"300\" height=\"300\" srcset=\"https:\/\/face.unt.edu.ar\/web\/wp-content\/uploads\/2024\/06\/IMG-20240606-WA0122-300x300.jpg 300w, https:\/\/face.unt.edu.ar\/web\/wp-content\/uploads\/2024\/06\/IMG-20240606-WA0122-150x150.jpg 150w, https:\/\/face.unt.edu.ar\/web\/wp-content\/uploads\/2024\/06\/IMG-20240606-WA0122.jpg 378w\" sizes=\"(max-width: 300px) 100vw, 300px\" \/><\/a><\/p>\n<p style=\"font-weight: 400\">La\u00a0<strong>inscripci\u00f3n estar\u00e1 vigente hasta el 31 de Julio<\/strong>, sin excepci\u00f3n.<\/p>\n<p>Recordamos que el proceso de inscripci\u00f3n, no asegura la recepci\u00f3n futura de alumnos, ya que la asignaci\u00f3n de los mismos se realiza seg\u00fan sus propias elecciones.<\/p>\n<p>&nbsp;<\/p>\n<p>Nos es grato compartir con la comunidad, las empresas que colaboran o colaboraron con la Pr\u00e1ctica Profesional Supervisada en Ambientes Reales I, las cuales son las siguientes:<\/p>\n<p>&nbsp;<\/p>\n<ul>\n<li>Caja Popular de Ahorros<\/li>\n<li>Centro de Referencia para la Lactobacilos(CERELA)<\/li>\n<li>Citrusvil SA<\/li>\n<li>Citytech SA<\/li>\n<li>Colegio de Graduados de Ciencias Econ\u00f3micas de Tucum\u00e1n<\/li>\n<li>Concesionaria Automotores Pesados SA<\/li>\n<li>Contadores Asociados SRL<\/li>\n<li>Contadur\u00eda General de la Provincia<\/li>\n<li>Control Uni\u00f3n Norte SA<\/li>\n<li>Cota Ltda- Coop de Productores Citricolas de Tafi Viejo<\/li>\n<li>Crexes Consultores de Organizaciones<\/li>\n<li>Desarrollos Alimenticios SRL<\/li>\n<li>Dir. de Polic\u00eda de Tr\u00e1nsito de la V\u00eda P\u00fablica<\/li>\n<li>Dir. General de Transporte<\/li>\n<li>Dir. Ingresos Municipales- Munic. de San Miguel de Tucum\u00e1n<\/li>\n<li>Dir. Rentas Municipales Tafi Viejo<\/li>\n<li>Dpto Gral de Polic\u00eda<\/li>\n<li>Espacios Premiun SRL<\/li>\n<li>Estancia El Azul SA<\/li>\n<li>Estudio Adolfo Hatim<\/li>\n<li>Estudio Alberto Eduardo Bou\u00e9<\/li>\n<li>Estudio Alonso y Asociados<\/li>\n<li>Estudio Barbeito y Asoc. SRL<\/li>\n<li>Estudio Benito-Courtade y Asoc. SH<\/li>\n<li>Estudio Carlos E. Mercado<\/li>\n<li>Estudio Carlos Sebasti\u00e1n Gallia<\/li>\n<li>Estudio Catella<\/li>\n<li>Estudio Cerrizuela Castoldi<\/li>\n<li>Estudio Colabella Horacio<\/li>\n<li>Estudio Coruel y Viruel<\/li>\n<li>Estudio Eduardo Chit y Asoc.<\/li>\n<li>Estudio Elizabeth Porcel<\/li>\n<li>Estudio Estof\u00e1n &#8211; Romero y Asociados Consultores de Empresas<\/li>\n<li>Estudio Fourmantin y Asociados<\/li>\n<li>Estudio Fuad Asfoura e hijos SA<\/li>\n<li>Estudio Gabriel Marta<\/li>\n<li>Estudio Godoy y Asociados<\/li>\n<li>Estudio Gustavo Alejandro Benito<\/li>\n<li>Estudio Gustavo Castillo<\/li>\n<li>Estudio Ignacio Agustin Abdelnur<\/li>\n<li>Estudio JPB y Asoc.<\/li>\n<li>Estudio Juan Manuel Ter\u00e1n<\/li>\n<li>Estudio Juan Rodolfo Santill\u00e1n<\/li>\n<li>Estudio Julio Alberto G\u00f3mez<\/li>\n<li>Estudio La Marca y Asoc.<\/li>\n<li>Estudio Le\u00f3n y Asociados S.R.L.<\/li>\n<li>Estudio Liliana del Valle Juli\u00e1n<\/li>\n<li>Estudio Llapur Juan Ignacio<\/li>\n<li>Estudio L\u00f3pez R\u00edos y Asociados<\/li>\n<li>Estudio Luis Alberto Comba<\/li>\n<li>Estudio Ma Alejandra Duport<\/li>\n<li>Estudio Malica y Asociados<\/li>\n<li>Estudio Manuel Luna Claras\u00f3<\/li>\n<li>Estudio Marchese,Grandi,Meson y Asociados<\/li>\n<li>Estudio Marcos Mirra<\/li>\n<li>Estudio Molina &amp; Asoc.<\/li>\n<li>Estudio Moreno Mirta<\/li>\n<li>Estudio Navarro Teves<\/li>\n<li>Estudio Neme y Asociados<\/li>\n<li>Estudio Pani Beatriz<\/li>\n<li>Estudio Pe\u00f1a Critto Gerardo<\/li>\n<li>Estudio Perea y Asociados<\/li>\n<li>Estudio Pulido SH<\/li>\n<li><\/li>\n<li>S+P Contadores<\/li>\n<li>Estudio Saieg<\/li>\n<li>Estudio Saltor Jorge Leopoldo<\/li>\n<li>Estudio S\u00e1nchez, Jos\u00e9 \u2013 L\u00f3pez Cruz, Francisco y Reynoso, Julio C\u00e9sar S.H.<\/li>\n<li>Estudio Santiago Escobar<\/li>\n<li>Estudio Saracho y Asoc.<\/li>\n<li>Estudio Sergio Michel<\/li>\n<li>Estudio Trivi\u00f1o y Asoc.<\/li>\n<li>Estudio Vera Victor Adrian<\/li>\n<li>Estudio Walther Ariel Brito<\/li>\n<li>Estudio Yatzkaier Carlos Ernesto<\/li>\n<li>Estudio Ypa M\u00f3nica Silvina<\/li>\n<li>Fac. de Bioqu\u00edmica<\/li>\n<li>Federaci\u00f3n Patronal Seguros SA<\/li>\n<li>Fideicomiso El Arco<\/li>\n<li>Forrajer\u00eda del Norte SRL<\/li>\n<li>Fundaci\u00f3n Cultural del Norte<\/li>\n<li>Fundaci\u00f3n Magister<\/li>\n<li>Hatum Wasi SRL- Centro de Rehabilitaci\u00f3n<\/li>\n<li>Indiana S.A.C.I.F.I.<\/li>\n<li>Investment Managers SA<\/li>\n<li>Itraco SA<\/li>\n<li>Macropharma SA<\/li>\n<li>Market One BTL SRL<\/li>\n<li>Mercotuc SRL<\/li>\n<li>Ministerio de Educaci\u00f3n<\/li>\n<li>Ministerio de Salud P\u00fablica<\/li>\n<li>Noa Matafuegos<\/li>\n<li>Papelera del Tucum\u00e1n<\/li>\n<li>Rectorado-UNT<\/li>\n<li>Refiner\u00eda del Norte SA<\/li>\n<li>Rolcar SA<\/li>\n<li>S y M Estudio<\/li>\n<li>Secret. de Estado de MiPyme y Empleo<\/li>\n<li>Serv. Pcial de Agua Potable y Saneamiento<\/li>\n<li>Soc. Aguas del Tucum\u00e1n &#8211; SAPEM<\/li>\n<li>Tensolite SA<\/li>\n<li>Tosca de Sale Marcela Lilian<\/li>\n<li>Unidad de Control Previsional<\/li>\n<\/ul>\n","protected":false},"excerpt":{"rendered":"<p>Las organizaciones que quieran colaborar con la Pr\u00e1ctica Profesional Supervisada de la carrera de Contador P\u00fablico pueden inscribirse de forma online en el siguiente link: Inscripci\u00f3n de Organizaciones a la Pr\u00e1ctica Profesional\u00a0 &#8211; Clic aqu\u00ed La\u00a0inscripci\u00f3n estar\u00e1 vigente hasta el 31 de Julio, sin excepci\u00f3n. Recordamos que el proceso de inscripci\u00f3n, no asegura la recepci\u00f3n [&hellip;]<\/p>\n","protected":false},"author":1,"featured_media":0,"parent":0,"menu_order":0,"comment_status":"open","ping_status":"open","template":"","meta":{"_et_pb_use_builder":"","_et_pb_old_content":"","_et_gb_content_width":"","footnotes":""},"_links":{"self":[{"href":"https:\/\/face.unt.edu.ar\/web\/wp-json\/wp\/v2\/pages\/3417"}],"collection":[{"href":"https:\/\/face.unt.edu.ar\/web\/wp-json\/wp\/v2\/pages"}],"about":[{"href":"https:\/\/face.unt.edu.ar\/web\/wp-json\/wp\/v2\/types\/page"}],"author":[{"embeddable":true,"href":"https:\/\/face.unt.edu.ar\/web\/wp-json\/wp\/v2\/users\/1"}],"replies":[{"embeddable":true,"href":"https:\/\/face.unt.edu.ar\/web\/wp-json\/wp\/v2\/comments?post=3417"}],"version-history":[{"count":15,"href":"https:\/\/face.unt.edu.ar\/web\/wp-json\/wp\/v2\/pages\/3417\/revisions"}],"predecessor-version":[{"id":20892,"href":"https:\/\/face.unt.edu.ar\/web\/wp-json\/wp\/v2\/pages\/3417\/revisions\/20892"}],"wp:attachment":[{"href":"https:\/\/face.unt.edu.ar\/web\/wp-json\/wp\/v2\/media?parent=3417"}],"curies":[{"name":"wp","href":"https:\/\/api.w.org\/{rel}","templated":true}]}}