{"id":5884,"date":"2017-10-02T22:13:03","date_gmt":"2017-10-02T22:13:03","guid":{"rendered":"http:\/\/face.unt.edu.ar\/web\/?page_id=5884"},"modified":"2018-04-05T13:34:36","modified_gmt":"2018-04-05T13:34:36","slug":"encuentro-de-innovacion","status":"publish","type":"page","link":"https:\/\/face.unt.edu.ar\/web\/encuentro-de-innovacion\/","title":{"rendered":"Encuentro de Innovaci\u00f3n en la Ense\u00f1anza"},"content":{"rendered":"<p>[vc_row][vc_column][vc_column_text]<\/p>\n<h2 style=\"text-align: center;\"><a href=\"http:\/\/face.unt.edu.ar\/web\/wp-content\/uploads\/2017\/10\/logo-encuentro-innovacion.jpg\"><img decoding=\"async\" loading=\"lazy\" class=\"size-full wp-image-5897 aligncenter\" src=\"http:\/\/face.unt.edu.ar\/web\/wp-content\/uploads\/2017\/10\/logo-encuentro-innovacion.jpg\" alt=\"logo-encuentro-innovacion\" width=\"842\" height=\"153\" srcset=\"https:\/\/face.unt.edu.ar\/web\/wp-content\/uploads\/2017\/10\/logo-encuentro-innovacion.jpg 842w, https:\/\/face.unt.edu.ar\/web\/wp-content\/uploads\/2017\/10\/logo-encuentro-innovacion-300x55.jpg 300w, https:\/\/face.unt.edu.ar\/web\/wp-content\/uploads\/2017\/10\/logo-encuentro-innovacion-768x140.jpg 768w\" sizes=\"(max-width: 842px) 100vw, 842px\" \/><br \/>\n<\/a>1er. ENCUENTRO DE \u201cINNOVACI\u00d3N EN LA ENSE\u00d1ANZA\u201d<br \/>\nCON LA RED DE FACULTADES DE CIENCIAS ECON\u00d3MICAS<br \/>\nDEL NORTE ARGENTINO y<br \/>\n4to ENCUENTRO DE \u201cINNOVACION EN LA ENSE\u00d1ANZA<br \/>\nDE LAS CIENCIAS ECONOMICAS\u201d<\/h2>\n<h3 style=\"text-align: center;\"><span style=\"color: #ff0000;\">23 Y 24 DE NOVIEMBRE DE 2017<\/span><\/h3>\n<p style=\"text-align: center;\"><a href=\"http:\/\/face.unt.edu.ar\/web\/archivos-publicaciones\/innovacion-de-la-ensenanza\/Libro%20Encuentro%202017%20-%20FACE%20-%20UNT%20-%20%C3%BAlt.pdf\" target=\"_blank\" rel=\"noopener\"><img decoding=\"async\" loading=\"lazy\" class=\" wp-image-6575 aligncenter\" src=\"http:\/\/face.unt.edu.ar\/web\/wp-content\/uploads\/2017\/10\/pdf-icon.png\" alt=\"\" width=\"176\" height=\"176\" srcset=\"https:\/\/face.unt.edu.ar\/web\/wp-content\/uploads\/2017\/10\/pdf-icon.png 256w, https:\/\/face.unt.edu.ar\/web\/wp-content\/uploads\/2017\/10\/pdf-icon-150x150.png 150w\" sizes=\"(max-width: 176px) 100vw, 176px\" \/><\/a><\/p>\n<p>[\/vc_column_text][vc_column_text]Est\u00e1n invitados a participar de este Encuentro los docentes de c\u00e1tedras, institutos y \u00e1reas que se ocupan de la formaci\u00f3n de grado y\/o posgrado; los grupos de investigaci\u00f3n que en el espacio de Institutos, Programas y Proyectos atienden la formaci\u00f3n de investigadores en los distintos campos disciplinarios y aquellos grupos que han realizado o realizan investigaciones o trabajos tendientes a recuperar las pr\u00e1cticas pedag\u00f3gicas y los temas vinculados a la ense\u00f1anza y la formaci\u00f3n.[\/vc_column_text][vc_column_text]<span style=\"color: #ff0000;\"><strong>Fechas importantes<\/strong><\/span><\/p>\n<ul>\n<li>Fecha l\u00edmite de recepci\u00f3n de trabajos: 05 de Noviembre de 2017.<\/li>\n<li>Inscripci\u00f3n al Encuentro: hasta el 20 de noviembre de 2017.<\/li>\n<\/ul>\n<p><span style=\"color: #ff0000;\"><strong>Ejes Tem\u00e1ticos<\/strong><\/span><\/p>\n<p>Los trabajos sobre las experiencias o nuevas propuestas docentes podr\u00e1n ser presentados en los siguientes ejes tem\u00e1ticos:<\/p>\n<ul>\n<li>Experiencias docentes<\/li>\n<li>Propuestas o Ideas Innovadoras en la Ense\u00f1anza<\/li>\n<\/ul>\n<p><span style=\"color: #ff0000;\"><strong>Presentaci\u00f3n de Trabajos<\/strong><\/span><\/p>\n<p>Los participantes podr\u00e1n presentar trabajos en forma oral (ponencias), que consistir\u00e1n en una exposici\u00f3n cuya duraci\u00f3n ser\u00e1 de 15 minutos y 5 minutos de discusi\u00f3n.<\/p>\n<p>Deber\u00e1 presentarse un Trabajo Completo que comprender\u00e1 el Resumen y el Cuerpo de la Propuesta (Trabajo en Extenso). El tipo de archivos debe ser Word (descargar plantilla) y la direcci\u00f3n a donde enviarlos es: <a href=\"mailto:4encuentrodeinnovacion@face.unt.edu.ar\">4encuentrodeinnovacion@face.unt.edu.ar<\/a><\/p>\n<p><span style=\"color: #ff0000;\"><strong>Formulario de Inscripci\u00f3n<\/strong><\/span><\/p>\n<p>Para la inscripci\u00f3n al Encuentro, completar el siguiente formulario <a href=\"https:\/\/docs.google.com\/forms\/d\/e\/1FAIpQLSdYVgSfAOuSjdF77lWbKaGigbrCH9hCQlNY1YVZ907YjKmw8w\/viewform\">https:\/\/docs.google.com\/forms\/d\/e\/1FAIpQLSdYVgSfAOuSjdF77lWbKaGigbrCH9hCQlNY1YVZ907YjKmw8w\/viewform<\/a><\/p>\n<p><span style=\"color: #000000;\"><strong><span style=\"color: #000000;\">Costo: $400<\/span><br \/>\n<span style=\"color: #000000;\">Se podr\u00e1 abonar a trav\u00e9s\u00a0de\u00a0<\/span><\/strong><\/span><\/p>\n<p>*Pago en la Asociaci\u00f3n Cooperadora de la Facultad, Av. Independencia 1900, de lunes a viernes de 8 a 12 y de 16.30 a 19.30<\/p>\n<p>*Dep\u00f3sito: se podr\u00e1 realizar en los siguientes Bancos:<\/p>\n<p>BANCO MACRO<br \/>\nNombre de la Cuenta:\u00a0Asociaci\u00f3n Cooperadora de la Facultad de\u00a0Ciencias\u00a0Econ\u00f3micas de la UNT<br \/>\nCuenta Corriente:\u00a0N\u00ba\u00a03-140- 0000219703-6<br \/>\nCBU:\u00a02850140230000021970365<br \/>\nCUIT:\u00a030-68572268- 9<\/p>\n<p>BANCO GALICIA<br \/>\nNombre de la Cuenta:\u00a0Asociaci\u00f3n Cooperadora de la Facultad de\u00a0Ciencias\u00a0Econ\u00f3micas de la UNT<br \/>\nCuenta Corriente:\u00a0N\u00ba\u00a010527-9089- 1<br \/>\nCBU:\u00a00070089420000010527913<br \/>\nCUIT:\u00a030-68572268- 9<\/p>\n<p>Una vez realizado el pago, se deber\u00e1 enviar el comprobante de pago por mail: cooperadora@face.unt.edu.ar escribiendo en el asunto \u201cEncuentro de Innovaci\u00f3n\u201d, adjuntando el comprobante de la transferencia o dep\u00f3sito e indicando en el cuerpo del mail el n\u00famero de DNI y nombre completo del participante.<\/p>\n<p>&nbsp;<\/p>\n<p><span style=\"color: #ff0000;\"><strong>Comunicaciones<\/strong><\/span><\/p>\n<ul>\n<li><a href=\"https:\/\/drive.google.com\/open?id=0BxS22AN_qUooMFMydE9hWTh5TDg\" target=\"_blank\" rel=\"noopener\">1ra Comunicaci\u00f3n<\/a><\/li>\n<li><a href=\"https:\/\/drive.google.com\/open?id=0BxS22AN_qUooeWlvNFFIdjk0ejA\" target=\"_blank\" rel=\"noopener\">2da Comunicaci\u00f3n<\/a><\/li>\n<\/ul>\n<p><span style=\"color: #ff0000;\"><strong>Contacto<\/strong>:<\/span> <a href=\"mailto:4encuentrodeinnovacion@face.unt.edu.ar\">4encuentrodeinnovacion@face.unt.edu.ar<\/a><\/p>\n<p><span style=\"color: #ff0000;\"><strong>Especificaciones para el Trabajo Completo (Resumen y Extenso):<u> <\/u><\/strong><\/span><\/p>\n<p><a href=\"https:\/\/drive.google.com\/open?id=0Bxax0R9hbLoYa3pfaWdwU2FCN1U\" target=\"_blank\" rel=\"noopener\">Link para descargar la plantilla de autor<\/a><br \/>\nLa versi\u00f3n completa del trabajo deber\u00e1 tener una longitud m\u00e1xima de 10 (diez) p\u00e1ginas tama\u00f1o A4, considerando el Resumen en la primera p\u00e1gina. El tipo de letra (fuente) ser\u00e1 \u00abArial\u00bb, en tama\u00f1o 11 pt., interlineado sencillo para el Resumen y 1,5 l\u00edneas a partir de la segunda p\u00e1gina. M\u00e1rgenes: de 3 cm superior e izquierdo y 2 cm inferior y derecho. Texto justificado.[\/vc_column_text][vc_single_image image=\u00bb5894&#8243; img_size=\u00bblarge\u00bb alignment=\u00bbcenter\u00bb][vc_column_text]Los gr\u00e1ficos e ilustraciones deben estar insertos en el cuerpo del trabajo.<\/p>\n<p>Las referencias bibliogr\u00e1ficas deben citarse en la \u00faltima p\u00e1gina del trabajo y se ordenar\u00e1n de acuerdo al estilo propuesto por APA (American Psychological Association)<\/p>\n<p><strong>Ejemplo: <\/strong><\/p>\n<ul>\n<li><strong>Revista<\/strong>: AUTOR, A. A. (a\u00f1o). T\u00edtulo del art\u00edculo. <em>T\u00edtulo de la revista<\/em>, volumen, p\u00e1ginas consultadas<\/li>\n<li><strong>Libros<\/strong>: AUTOR, A: A: (a\u00f1o). <em>T\u00edtulo de la obra<\/em>. Lugar de publicaci\u00f3n. Editor.<\/li>\n<li><strong>Recursos electr\u00f3nicos<\/strong>: AUTOR, A. A: (autor de la p\u00e1gina), fecha de la publicaci\u00f3n o revisi\u00f3n de la p\u00e1gina si estuviese disponible. <em>T\u00edtulo de la p\u00e1gina<\/em> o lugar. Recuperado (fecha de acceso), de (URL- direcci\u00f3n)<\/li>\n<\/ul>\n<p>[\/vc_column_text][\/vc_column][\/vc_row][vc_row][vc_column][vc_separator color=\u00bborange\u00bb][\/vc_column][\/vc_row][vc_row][vc_column][vc_raw_html]JTNDYSUyMGlkJTNEJTIyY29tdW5pY2FjaW9uMSUyMiUzRSUzQyUyRmElM0UlM0MlMkZiciUzRQ==[\/vc_raw_html][vc_column_text]<\/p>\n<p class=\"m_7050507080901421313yiv7066098606MsoNormal\"><b><span lang=\"ES-AR\">PRIMERA COMUNICACI\u00d3N<\/span><\/b><\/p>\n<p class=\"m_7050507080901421313yiv7066098606MsoNormal\"><span lang=\"ES-AR\">La Facultad de Ciencias Econ\u00f3micas de la Universidad Nacional de Tucuman, comunica que entre los d\u00edas 23\u00a0 y 24 de noviembre de 2017\u00a0 se realizar\u00e1 en nuestra Casa, el <b>1<sup>er<\/sup> ENCUENTRO DE \u201cINNOVACI\u00d3N EN LA ENSE\u00d1ANZA\u201d CON LA RED DE FACULTADES DE CIENCIAS ECON\u00d3MICAS DEL NORTE ARGENTINO y 4<sup>to<\/sup> ENCUENTRO DE \u201cINNOVACI\u00d3N EN LA ENSE\u00d1ANZA DE LAS CIENCIAS ECON\u00d3MICAS\u201d. <\/b>\u00a0Se pretende\u00a0 generar\u00a0 un espacio de intercambio y socializaci\u00f3n entre los docentes de la REDFACE, no s\u00f3lo para el conocimiento de lo realizado, sino para\u00a0 crear v\u00ednculos interdisciplinarios. <\/span><\/p>\n<p class=\"m_7050507080901421313yiv7066098606MsoNormal\"><span lang=\"ES-AR\">Est\u00e1n invitados a participar de este Encuentro los docentes de c\u00e1tedras, institutos y \u00e1reas que se ocupan de la formaci\u00f3n de grado y\/o posgrado; los grupos de investigaci\u00f3n que en el espacio de Institutos, Programas y Proyectos atienden la formaci\u00f3n de investigadores en los distintos campos disciplinarios y aquellos grupos que han realizado o realizan investigaciones o trabajos tendientes a recuperar las pr\u00e1cticas pedag\u00f3gicas y los temas vinculados a la ense\u00f1anza y la formaci\u00f3n.<\/span><\/p>\n<p class=\"m_7050507080901421313yiv7066098606MsoNormal\"><b><span lang=\"ES-AR\">Fechas importantes: \u00a0\u00a0\u00a0\u00a0\u00a0\u00a0\u00a0\u00a0\u00a0\u00a0\u00a0\u00a0\u00a0\u00a0\u00a0\u00a0\u00a0\u00a0\u00a0\u00a0\u00a0\u00a0\u00a0\u00a0\u00a0\u00a0\u00a0\u00a0\u00a0\u00a0\u00a0\u00a0\u00a0 <\/span><\/b><\/p>\n<ul type=\"disc\">\n<li class=\"m_7050507080901421313yiv7066098606MsoNormal\"><span lang=\"ES-AR\">Inscripci\u00f3n previa al Encuentro: hasta el 20 de noviembre de 2017. <\/span><\/li>\n<li class=\"m_7050507080901421313yiv7066098606MsoNormal\"><span lang=\"ES-AR\">Fecha l\u00edmite de recepci\u00f3n de trabajos (resumen y extenso del trabajo): 05 de Noviembre de 2017.<\/span><\/li>\n<li class=\"m_7050507080901421313yiv7066098606MsoNormal\"><span lang=\"ES-AR\">Se podr\u00e1 ingresar en la p\u00e1gina web del Encuentro a partir del 03 de Octubre de 2017, la cual contendr\u00e1 comunicaciones, formulario de inscripci\u00f3n, programa de actividades e informaci\u00f3n general, y cuya direcci\u00f3n indicaremos oportunamente.<\/span><\/li>\n<\/ul>\n<p class=\"m_7050507080901421313yiv7066098606MsoNormal\"><span lang=\"ES-AR\">El correo electr\u00f3nico para comunicarse con los organizadores de las Jornadas es:<\/span><\/p>\n<p class=\"m_7050507080901421313yiv7066098606MsoNormal\"><span lang=\"ES-AR\"><a href=\"mailto:4encuentrodeinnovacion@face.unt.edu.ar\" target=\"_blank\" rel=\"noopener\">4encuentrodeinnovacion@face.unt.edu.ar<\/a><\/span><\/p>\n<p class=\"m_7050507080901421313yiv7066098606MsoNormal\"><b><u><span lang=\"ES-AR\"><span style=\"color: #050404;\">Ejes Tem\u00e1ticos<\/span><\/span><\/u><\/b><\/p>\n<p class=\"m_7050507080901421313yiv7066098606MsoNormal\"><span lang=\"ES-AR\"><span style=\"color: #050404;\">Los trabajos sobre las experiencias o nuevas propuestas docentes podr\u00e1n ser presentados en los siguientes ejes tem\u00e1ticos:<\/span><\/span><\/p>\n<ul>\n<li class=\"m_7050507080901421313yiv7066098606MsoNormal\"><span lang=\"ES-AR\"><span style=\"color: #050404;\">Experiencias docentes<\/span><\/span><\/li>\n<li class=\"m_7050507080901421313yiv7066098606MsoNormal\"><span lang=\"ES-AR\"><span style=\"color: #050404;\">Propuestas o Ideas Innovadoras en la Ense\u00f1anza<\/span><\/span><\/li>\n<\/ul>\n<p class=\"m_7050507080901421313yiv7066098606MsoNormal\"><span lang=\"ES-AR\"><span style=\"color: #333333;\">Para acceder a las normas generales para le presentaci\u00f3n del trabajo, las disposiciones generales y criterios de evaluaci\u00f3n puede acceder al siguiente <\/span><span style=\"color: #0000ff;\"><a title=\"\" href=\"http:\/\/64104.track.dattanet.com\/track\/click?u=1285920&amp;p=36343130343a3438313a3339393a303a323a30&amp;s=2dde2b7fd75c7ac5a7bdde27d874908e&amp;m=462\" target=\"_blank\" rel=\"nofollow noopener\">link\u00a0de descarga<\/a><\/span><\/span><\/p>\n<p>[\/vc_column_text][\/vc_column][\/vc_row]<\/p>\n","protected":false},"excerpt":{"rendered":"<p>[vc_row][vc_column][vc_column_text] 1er. ENCUENTRO DE \u201cINNOVACI\u00d3N EN LA ENSE\u00d1ANZA\u201d CON LA RED DE FACULTADES DE CIENCIAS ECON\u00d3MICAS DEL NORTE ARGENTINO y 4to ENCUENTRO DE \u201cINNOVACION EN LA ENSE\u00d1ANZA DE LAS CIENCIAS ECONOMICAS\u201d 23 Y 24 DE NOVIEMBRE DE 2017 [\/vc_column_text][vc_column_text]Est\u00e1n invitados a participar de este Encuentro los docentes de c\u00e1tedras, institutos y \u00e1reas que se ocupan [&hellip;]<\/p>\n","protected":false},"author":1,"featured_media":0,"parent":0,"menu_order":0,"comment_status":"closed","ping_status":"closed","template":"","meta":{"_et_pb_use_builder":"","_et_pb_old_content":"","_et_gb_content_width":"","footnotes":""},"_links":{"self":[{"href":"https:\/\/face.unt.edu.ar\/web\/wp-json\/wp\/v2\/pages\/5884"}],"collection":[{"href":"https:\/\/face.unt.edu.ar\/web\/wp-json\/wp\/v2\/pages"}],"about":[{"href":"https:\/\/face.unt.edu.ar\/web\/wp-json\/wp\/v2\/types\/page"}],"author":[{"embeddable":true,"href":"https:\/\/face.unt.edu.ar\/web\/wp-json\/wp\/v2\/users\/1"}],"replies":[{"embeddable":true,"href":"https:\/\/face.unt.edu.ar\/web\/wp-json\/wp\/v2\/comments?post=5884"}],"version-history":[{"count":36,"href":"https:\/\/face.unt.edu.ar\/web\/wp-json\/wp\/v2\/pages\/5884\/revisions"}],"predecessor-version":[{"id":6577,"href":"https:\/\/face.unt.edu.ar\/web\/wp-json\/wp\/v2\/pages\/5884\/revisions\/6577"}],"wp:attachment":[{"href":"https:\/\/face.unt.edu.ar\/web\/wp-json\/wp\/v2\/media?parent=5884"}],"curies":[{"name":"wp","href":"https:\/\/api.w.org\/{rel}","templated":true}]}}